{"id":117,"date":"2023-07-13T14:20:51","date_gmt":"2023-07-13T14:20:51","guid":{"rendered":"https:\/\/wamiliki.org\/?page_id=117"},"modified":"2024-11-30T13:25:04","modified_gmt":"2024-11-30T13:25:04","slug":"werkwijze","status":"publish","type":"page","link":"https:\/\/www.wamiliki.org\/fr\/werkwijze\/","title":{"rendered":"M\u00e9thode"},"content":{"rendered":"<div data-elementor-type=\"wp-page\" data-elementor-id=\"117\" class=\"elementor elementor-117\" data-elementor-post-type=\"page\">\n\t\t\t\t\t\t\t\t\t<section class=\"elementor-section elementor-top-section elementor-element elementor-element-3586ace3 elementor-section-boxed elementor-section-height-default elementor-section-height-default\" data-id=\"3586ace3\" data-element_type=\"section\">\n\t\t\t\t\t\t<div class=\"elementor-container elementor-column-gap-default\">\n\t\t\t\t\t<div class=\"elementor-column elementor-col-100 elementor-top-column elementor-element elementor-element-4df7893f\" data-id=\"4df7893f\" data-element_type=\"column\">\n\t\t\t<div class=\"elementor-widget-wrap elementor-element-populated\">\n\t\t\t\t\t\t\t\t<div class=\"elementor-element elementor-element-5a3f930b elementor-widget elementor-widget-text-editor\" data-id=\"5a3f930b\" data-element_type=\"widget\" data-widget_type=\"text-editor.default\">\n\t\t\t\t<div class=\"elementor-widget-container\">\n\t\t\t<style>\/*! elementor - v3.15.0 - 09-08-2023 *\/\n.elementor-widget-text-editor.elementor-drop-cap-view-stacked .elementor-drop-cap{background-color:#69727d;color:#fff}.elementor-widget-text-editor.elementor-drop-cap-view-framed .elementor-drop-cap{color:#69727d;border:3px solid;background-color:transparent}.elementor-widget-text-editor:not(.elementor-drop-cap-view-default) .elementor-drop-cap{margin-top:8px}.elementor-widget-text-editor:not(.elementor-drop-cap-view-default) .elementor-drop-cap-letter{width:1em;height:1em}.elementor-widget-text-editor .elementor-drop-cap{float:left;text-align:center;line-height:1;font-size:50px}.elementor-widget-text-editor .elementor-drop-cap-letter{display:inline-block}<\/style>\t\t\t\t<!-- wp:media-text {\"align\":\"wide\",\"mediaId\":294,\"mediaLink\":\"https:\/\/wamiliki.org\/werkwijze\/img_3734-720w\/\",\"mediaType\":\"image\",\"mediaWidth\":70,\"imageFill\":true} -->\n<div class=\"wp-block-media-text alignwide is-stacked-on-mobile is-image-fill-element\" style=\"grid-template-columns: 70% auto;\">\n<figure class=\"wp-block-media-text__media\"><img loading=\"lazy\" decoding=\"async\" width=\"720\" height=\"540\" class=\"wp-image-294 size-full\" style=\"object-position: 50% 50%;\" src=\"https:\/\/wamiliki.org\/wp-content\/uploads\/2023\/07\/IMG_3734-720w.webp\" alt=\"\" srcset=\"https:\/\/www.wamiliki.org\/wp-content\/uploads\/2023\/07\/IMG_3734-720w.webp 720w, https:\/\/www.wamiliki.org\/wp-content\/uploads\/2023\/07\/IMG_3734-720w-300x225.webp 300w\" sizes=\"auto, (max-width: 720px) 100vw, 720px\" \/><\/figure>\n<div class=\"wp-block-media-text__content\"><!-- wp:heading {\"textAlign\":\"left\"} -->\n<h2 class=\"wp-block-heading has-text-align-left\">Que veut r\u00e9aliser Wamiliki?<\/h2>\n<!-- \/wp:heading --><!-- wp:paragraph {\"align\":\"left\"} -->\n<p class=\"has-text-align-left\">Il est important que nous souhaitions contribuer \u00e0 promouvoir une place \u00e9gale \u00e0 la table des n\u00e9gociations.<\/p>\n<!-- \/wp:paragraph --><!-- wp:paragraph {\"align\":\"left\"} -->\n<p class=\"has-text-align-left\">Wamiliki signifie \u00ab les propri\u00e9taires \u00bb ou \u00ab les h\u00e9ritiers \u00bb. Nous defendons le\ndroit et peut-etre aussi le devoir de s\u2019approprier son propre destain pour enfin rencontrer l\u2019autre d\u2019\u00e9gal \u00e0 \u00e9gal. Les Africains doivent d\u00e9terminer leur\npropre destin et les voies pour y arriver, sans \u00eatre g\u00ean\u00e9s par les barri\u00e8res culturelles et \u00e9conomiques, ni par les objectifs des  organisations et des pays du Nord qui souvent, cachent une condescence permanente et\n\nend\u00e9mique.<\/p>\n<!-- \/wp:paragraph --><!-- wp:paragraph {\"align\":\"left\"} -->\n<p class=\"has-text-align-left\">Les Africains doivent avoir l\u2019espace n\u00e9cessaire pour contribuer \u00e0 l\u2019\u00e9conomie, \u00e0 la science et \u00e0 la culture selon leurs propres conditions et selon leur propre vision. Ils doivent pouvoir poss\u00e9der leur propre\npatrimoine. Elle souhaite relier plus fortement l\u2019Europe et l\u2019Afrique en tant que partenaires \u00e9gaux, mais clairement dans la mesure o\u00f9 les Africains\nd\u00e9terminent leur propre agenda.<\/p>\n<!-- \/wp:paragraph --><\/div>\n<\/div>\n<!-- \/wp:media-text --><!-- wp:spacer {\"height\":\"50px\"} -->\n<div class=\"wp-block-spacer\" style=\"height: 50px;\" aria-hidden=\"true\">\u00a0<\/div>\n<div aria-hidden=\"true\">\u00a0<\/div>\n<div aria-hidden=\"true\">\u00a0<\/div>\n<!-- \/wp:spacer --><!-- wp:heading -->\n<h2 class=\"wp-block-heading\">Comment Wamiliki veut-elle y parvenir?<\/h2>\n<!-- \/wp:heading --><!-- wp:paragraph -->\n<p>Wamiliki veut contribuer \u00e0 une place plus \u00e9gale pour les Africains dans la d\u00e9termination de leur propre avenir, en utilisant leur propre patrimoine et\nen le poss\u00e9dant. Elle souhaite y parvenir en organisant des r\u00e9unions et des formations pour mieux comprendre les obstacles qui emp\u00eachent de\ns'approprier son propre d\u00e9veloppement et de contribuer \u00e0 \u00e9liminer ces obstacles.<\/p>\n<!-- \/wp:paragraph --><!-- wp:paragraph -->\n<p><img loading=\"lazy\" decoding=\"async\" width=\"700\" height=\"394\" class=\"wp-image-296 alignleft\" src=\"https:\/\/wamiliki.org\/wp-content\/uploads\/2023\/07\/hands2-698w.webp\" alt=\"\" srcset=\"https:\/\/www.wamiliki.org\/wp-content\/uploads\/2023\/07\/hands2-698w.webp 700w, https:\/\/www.wamiliki.org\/wp-content\/uploads\/2023\/07\/hands2-698w-300x169.webp 300w\" sizes=\"auto, (max-width: 700px) 100vw, 700px\" \/><\/p>\n<p>Il s'agit pour les Africains et les Europ\u00e9ens d'apprendre \u00e0 se consid\u00e9rer comme \u00e9gaux, \u00e0 appr\u00e9cier les objectifs et les m\u00e9thodes de travail de\nchacun et \u00e0 cr\u00e9er un espace pour une approche qui rende justice \u00e0 la propri\u00e9t\u00e9 et au patrimoine.<\/p>\n<!-- \/wp:paragraph --><!-- wp:paragraph -->\n<p>Wamiliki souhaite dans un premier temps r\u00e9aliser un pilote \u00e0 Kinshasa en\nR\u00e9publique d\u00e9mocratique du Congo. Un pays qui a un \u00e9norme potentiel,\nmais qui a \u00e9galement eu tr\u00e8s peu de capacit\u00e9 \u00e0 d\u00e9terminer sa propre direction et qui a en fait une propri\u00e9t\u00e9 tr\u00e8s limit\u00e9e de son propre patrimoine. Le projet pilote fera particuli\u00e8rement appel au potentiel local, \naux personnes poss\u00e9dant une vaste exp\u00e9rience, aux dirigeants formels et\ninformels capables d\u2019\u00e9voquer de nouvelles fa\u00e7ons de penser et d\u2019agir.\u00a0<\/p>\n<p>\u00a0<\/p>\n<p>\u00a0<\/p>\n<p>\u00a0<\/p>\n<!-- \/wp:paragraph --><!-- wp:paragraph --><!-- \/wp:paragraph --><!-- wp:spacer {\"height\":\"50px\"} -->\n<p class=\"wp-block-spacer\" style=\"height: 50px; text-align: center;\" aria-hidden=\"true\">Le projet pilote a \u00e9t\u00e9 r\u00e9alis\u00e9 en collaboration avec un groupe de parties prenantes du Congo et d'Europe. Un certain nombre d\u2019acteurs de la diaspora ont \u00e9t\u00e9 invit\u00e9s \u00e0 monter ensemble le projet pilote.<\/p>\n<div class=\"wp-block-columns\">\n<div class=\"wp-block-column\">\n<div class=\"wp-block-spacer\" style=\"height: 25px; text-align: center;\" aria-hidden=\"true\"><a href=\"https:\/\/www.wamiliki.org\/fr\/2024\/04\/16\/kinshasa-september-2023\/\">Voir le Blog et ses r\u00e9sultats.<\/a><\/div>\n<div style=\"text-align: center;\" aria-hidden=\"true\">\u00a0<\/div>\n<\/div>\n<\/div>\n<!-- \/wp:paragraph --><!-- wp:spacer {\"height\":\"25px\"} -->\n<div aria-hidden=\"true\">\u00a0<\/div>\n<div aria-hidden=\"true\">\u00a0<\/div>\n<!-- \/wp:spacer --><!-- wp:columns -->\n<div class=\"wp-block-columns\"><!-- wp:column {\"verticalAlignment\":\"center\",\"className\":\"images-alignleft-mobile\"} -->\n<div class=\"wp-block-column is-vertically-aligned-center images-alignleft-mobile\"><!-- wp:image {\"id\":306,\"width\":\"141px\",\"height\":\"92px\",\"sizeSlug\":\"large\",\"linkDestination\":\"none\",\"align\":\"center\",\"className\":\"is-style-default\"} -->\n<figure class=\"wp-block-image aligncenter size-large is-resized is-style-default\"><img loading=\"lazy\" decoding=\"async\" width=\"1024\" height=\"672\" class=\"wp-image-306 alignleft\" style=\"width: 141px; height: 92px;\" src=\"https:\/\/wamiliki.org\/wp-content\/uploads\/2023\/07\/npl-1024x672.png\" alt=\"\" srcset=\"https:\/\/www.wamiliki.org\/wp-content\/uploads\/2023\/07\/npl-1024x672.png 1024w, https:\/\/www.wamiliki.org\/wp-content\/uploads\/2023\/07\/npl-300x197.png 300w, https:\/\/www.wamiliki.org\/wp-content\/uploads\/2023\/07\/npl-768x504.png 768w, https:\/\/www.wamiliki.org\/wp-content\/uploads\/2023\/07\/npl.png 1290w\" sizes=\"auto, (max-width: 1024px) 100vw, 1024px\" \/><\/figure>\n<!-- \/wp:image --><\/div>\n<!-- \/wp:column --><!-- wp:column -->\n<div class=\"wp-block-column\"><!-- wp:heading {\"textAlign\":\"left\"} -->\n<h2 class=\"wp-block-heading has-text-align-left\">Informations sur les dons<\/h2>\n<!-- \/wp:heading --><!-- wp:paragraph -->\n<p>Nom commercial : Fondation Wamiliki<br \/>RSIN: 862869523<br \/>Num\u00e9ro de Chambre de Commerce : 83425535<\/p>\n<!-- \/wp:paragraph --><!-- wp:paragraph -->\n<p>Objectif: <br \/>Wamiliki se pr\u00e9occupe des droits de l&#039;homme et de l&#039;inclusivit\u00e9.<\/p>\n<!-- \/wp:paragraph --><!-- wp:paragraph -->\n<p>Wamiliki a re\u00e7u le soutien de d\u00e9part de la\u00a0\u00a0Loterie nationale des codes postaux.<strong>\u00a0Nationale PostcodeLoterij.<\/strong><\/p>\n<!-- \/wp:paragraph --><!-- wp:paragraph -->\n<p>La Fondation Wamiliki a le <strong>statut ANBI.<\/strong>Le <strong>statut ANBI.<\/strong> signifie que vos dons sont d\u00e9ductibles des imp\u00f4ts et que nous ne payons pas d'imp\u00f4t sur vos dons.\u00a0<\/p>\n<!-- \/wp:paragraph --><!-- wp:paragraph -->\n<p>Si vous souhaitez en savoir plus sur l&#039;ANBI, visitez le\u00a0 site\u00a0de\u00a0<a href=\"https:\/\/www.belastingdienst.nl\/wps\/wcm\/connect\/nl\/aftrek-en-kortingen\/content\/anbi-status-controleren\" target=\"_blank\" rel=\"noreferrer noopener\">l'administration fiscale\u00a0.<\/a>.<\/p>\n<!-- \/wp:paragraph --><!-- wp:paragraph -->\n<p>\u00a0<\/p>\n<!-- \/wp:paragraph --><\/div>\n<!-- \/wp:column --><\/div>\n<!-- \/wp:columns -->\t\t\t\t\t\t<\/div>\n\t\t\t\t<\/div>\n\t\t\t\t\t<\/div>\n\t\t<\/div>\n\t\t\t\t\t\t\t<\/div>\n\t\t<\/section>\n\t\t\t\t\t\t\t<\/div>","protected":false},"excerpt":{"rendered":"<p>Wat wil Wamiliki Bereiken? Belangrijk is dat we een bijdrage willen leveren aan het bevorderen van een gelijkwaardige plek aan tafel. Wamiliki betekent de eigenaren of erfgenamen. Afrikanen moeten de eigen koers bepalen, ongehinderd door culturele en economische barri\u00e8res, of de doelstellingen van organisaties en landen uit het Globale Noorden. Afrikanen moeten de ruimte hebben [&hellip;]<\/p>","protected":false},"author":1,"featured_media":73,"parent":0,"menu_order":0,"comment_status":"closed","ping_status":"closed","template":"","meta":{"footnotes":""},"class_list":["post-117","page","type-page","status-publish","has-post-thumbnail","hentry"],"acf":[],"_links":{"self":[{"href":"https:\/\/www.wamiliki.org\/fr\/wp-json\/wp\/v2\/pages\/117","targetHints":{"allow":["GET"]}}],"collection":[{"href":"https:\/\/www.wamiliki.org\/fr\/wp-json\/wp\/v2\/pages"}],"about":[{"href":"https:\/\/www.wamiliki.org\/fr\/wp-json\/wp\/v2\/types\/page"}],"author":[{"embeddable":true,"href":"https:\/\/www.wamiliki.org\/fr\/wp-json\/wp\/v2\/users\/1"}],"replies":[{"embeddable":true,"href":"https:\/\/www.wamiliki.org\/fr\/wp-json\/wp\/v2\/comments?post=117"}],"version-history":[{"count":57,"href":"https:\/\/www.wamiliki.org\/fr\/wp-json\/wp\/v2\/pages\/117\/revisions"}],"predecessor-version":[{"id":611,"href":"https:\/\/www.wamiliki.org\/fr\/wp-json\/wp\/v2\/pages\/117\/revisions\/611"}],"wp:featuredmedia":[{"embeddable":true,"href":"https:\/\/www.wamiliki.org\/fr\/wp-json\/wp\/v2\/media\/73"}],"wp:attachment":[{"href":"https:\/\/www.wamiliki.org\/fr\/wp-json\/wp\/v2\/media?parent=117"}],"curies":[{"name":"wp","href":"https:\/\/api.w.org\/{rel}","templated":true}]}}